{"id":28017,"date":"2024-01-30T13:13:23","date_gmt":"2024-01-30T12:13:23","guid":{"rendered":"https:\/\/biblioteka.kolobrzeg.pl\/?page_id=28017"},"modified":"2024-02-21T12:27:34","modified_gmt":"2024-02-21T11:27:34","slug":"28017-2","status":"publish","type":"page","link":"https:\/\/biblioteka.kolobrzeg.pl\/","title":{"rendered":"Bie\u017c\u0105ce wydarzenia"},"content":{"rendered":"<div class=\"pt-cv-wrapper\"><div class=\"pt-cv-view pt-cv-blockgrid iscvblock iscvhybrid grid1 layout1\" id=\"pt-cv-view-386a080zgu\"><div data-id=\"pt-cv-page-1\" class=\"pt-cv-page\" data-cvc=\"3\"><div class=\" pt-cv-content-item pt-cv-1-col\" ><div class=\"pt-cv-thumb-wrapper  \"><a href=\"https:\/\/biblioteka.kolobrzeg.pl\/index.php\/2026\/04\/23\/informacja-2\/\" class=\"_self pt-cv-href-thumbnail pt-cv-thumb-default\" target=\"_self\" ><img loading=\"lazy\" decoding=\"async\" width=\"1080\" height=\"810\" src=\"https:\/\/biblioteka.kolobrzeg.pl\/wp-content\/uploads\/2025\/05\/biblioteka_maj.jpg\" class=\"pt-cv-thumbnail\" alt=\"Budynek Biblioteki\" \/><\/a><\/div>\n<div class=\"pt-cv-taxoterm above_title\"><a href='https:\/\/biblioteka.kolobrzeg.pl\/index.php\/category\/aktualnosci\/' title='Aktualno\u015bci' class='pt-cv-tax-aktualnosci'>Aktualno\u015bci<\/a><\/div>\n<h4 class=\"pt-cv-title\"><a href=\"https:\/\/biblioteka.kolobrzeg.pl\/index.php\/2026\/04\/23\/informacja-2\/\" class=\"_self\" target=\"_self\" >Informacja<\/a><\/h4>\n<div class=\"pt-cv-content\">Szanowni U\u017cytkownicy, informujemy, \u017ce 2.05.2026 r. (sobota) oraz 5.05.2026 r. (wtorek) wszystkie oddzia\u0142y Biblioteki b\u0119d\u0105 nieczynne. Przepraszamy za utrudnienia i &#8230;<br \/><div class=\"pt-cv-rmwrap\"><a href=\"https:\/\/biblioteka.kolobrzeg.pl\/index.php\/2026\/04\/23\/informacja-2\/\" class=\"_self pt-cv-readmore btn btn-success\" target=\"_self\">Czytaj Dalej<\/a><\/div><\/div><\/div>\n<div class=\" pt-cv-content-item pt-cv-1-col\" ><div class=\"pt-cv-thumb-wrapper  \"><a href=\"https:\/\/biblioteka.kolobrzeg.pl\/index.php\/2026\/04\/23\/spotkanie-autorskie-92\/\" class=\"_self pt-cv-href-thumbnail pt-cv-thumb-default\" target=\"_self\" ><img loading=\"lazy\" decoding=\"async\" width=\"800\" height=\"600\" src=\"https:\/\/biblioteka.kolobrzeg.pl\/wp-content\/uploads\/2026\/04\/nosowska290426.jpg\" class=\"pt-cv-thumbnail\" alt=\"Spotkanie autorskie z Katarzyn\u0105 Nosowsk\u0105\" \/><\/a><\/div>\n<div class=\"pt-cv-taxoterm above_title\"><a href='https:\/\/biblioteka.kolobrzeg.pl\/index.php\/category\/spotkania\/' title='Spotkania, wydarzenia literackie' class='pt-cv-tax-spotkania'>Spotkania, wydarzenia literackie<\/a><\/div>\n<h4 class=\"pt-cv-title\"><a href=\"https:\/\/biblioteka.kolobrzeg.pl\/index.php\/2026\/04\/23\/spotkanie-autorskie-92\/\" class=\"_self\" target=\"_self\" >Spotkanie autorskie<\/a><\/h4>\n<div class=\"pt-cv-content\">Miejska Biblioteka Publiczna w Ko\u0142obrzegu zaprasza na spotkanie autorskie z KATARZYN\u0104 NOSOWSK\u0104 \u2013 jedn\u0105 z najbardziej wyrazistych postaci polskiej sceny &#8230;<br \/><div class=\"pt-cv-rmwrap\"><a href=\"https:\/\/biblioteka.kolobrzeg.pl\/index.php\/2026\/04\/23\/spotkanie-autorskie-92\/\" class=\"_self pt-cv-readmore btn btn-success\" target=\"_self\">Czytaj Dalej<\/a><\/div><\/div><\/div>\n<div class=\" pt-cv-content-item pt-cv-1-col\" ><div class=\"pt-cv-thumb-wrapper  \"><a href=\"https:\/\/biblioteka.kolobrzeg.pl\/index.php\/2026\/04\/23\/spotkanie-autorskie-91\/\" class=\"_self pt-cv-href-thumbnail pt-cv-thumb-default\" target=\"_self\" ><img loading=\"lazy\" decoding=\"async\" width=\"800\" height=\"600\" src=\"https:\/\/biblioteka.kolobrzeg.pl\/wp-content\/uploads\/2026\/04\/stelar280426.jpg\" class=\"pt-cv-thumbnail\" alt=\"Marek STelar -spotkanie autorskie plakat\" \/><\/a><\/div>\n<div class=\"pt-cv-taxoterm above_title\"><a href='https:\/\/biblioteka.kolobrzeg.pl\/index.php\/category\/biblioteka-glowna\/' title='Biblioteka G\u0142\u00f3wna' class='pt-cv-tax-biblioteka-glowna'>Biblioteka G\u0142\u00f3wna<\/a><a href='https:\/\/biblioteka.kolobrzeg.pl\/index.php\/category\/spotkania\/' title='Spotkania, wydarzenia literackie' class='pt-cv-tax-spotkania'>Spotkania, wydarzenia literackie<\/a><\/div>\n<h4 class=\"pt-cv-title\"><a href=\"https:\/\/biblioteka.kolobrzeg.pl\/index.php\/2026\/04\/23\/spotkanie-autorskie-91\/\" class=\"_self\" target=\"_self\" >Spotkanie autorskie<\/a><\/h4>\n<div class=\"pt-cv-content\">Spotkanie z Markiem Stelarem \u2013 autorem powie\u015bci kryminalnych. Data: 28.04.2026 (wtorek), godz. 17:00, Miejsce: Biblioteka ul. Frankowskiego 3 &#8230;<br \/><div class=\"pt-cv-rmwrap\"><a href=\"https:\/\/biblioteka.kolobrzeg.pl\/index.php\/2026\/04\/23\/spotkanie-autorskie-91\/\" class=\"_self pt-cv-readmore btn btn-success\" target=\"_self\">Czytaj Dalej<\/a><\/div><\/div><\/div>\n<div class=\" pt-cv-content-item pt-cv-1-col\" ><div class=\"pt-cv-thumb-wrapper  \"><a href=\"https:\/\/biblioteka.kolobrzeg.pl\/index.php\/2026\/04\/23\/oblicza-swiata-spotkanie-z-patrycja-wojkowska\/\" class=\"_self pt-cv-href-thumbnail pt-cv-thumb-default\" target=\"_self\" ><img loading=\"lazy\" decoding=\"async\" width=\"800\" height=\"600\" src=\"https:\/\/biblioteka.kolobrzeg.pl\/wp-content\/uploads\/2026\/04\/spotwojkowska230426.jpg\" class=\"pt-cv-thumbnail\" alt=\"Oblicz \u015awiata - spotkanie z Patrycj\u0105 Wojkowsk\u0105\" \/><\/a><\/div>\n<div class=\"pt-cv-taxoterm above_title\"><a href='https:\/\/biblioteka.kolobrzeg.pl\/index.php\/category\/biblioteka-ogrody\/' title='Biblioteka Ogrody' class='pt-cv-tax-biblioteka-ogrody'>Biblioteka Ogrody<\/a><\/div>\n<h4 class=\"pt-cv-title\"><a href=\"https:\/\/biblioteka.kolobrzeg.pl\/index.php\/2026\/04\/23\/oblicza-swiata-spotkanie-z-patrycja-wojkowska\/\" class=\"_self\" target=\"_self\" >Oblicza \u015awiata. Spotkanie z Patrycj\u0105 Wojkowsk\u0105<\/a><\/h4>\n<div class=\"pt-cv-content\">Oblicza \u015awiata. Spotkanie z Patrycj\u0105 Wojkowsk\u0105 \u2013 podr\u00f3\u017cniczk\u0105, artystk\u0105 i opowiadaczk\u0105 historii. 23 kwietnia 2026, godz. 17.00, Biblioteka Ogrody, ul &#8230;<br \/><div class=\"pt-cv-rmwrap\"><a href=\"https:\/\/biblioteka.kolobrzeg.pl\/index.php\/2026\/04\/23\/oblicza-swiata-spotkanie-z-patrycja-wojkowska\/\" class=\"_self pt-cv-readmore btn btn-success\" target=\"_self\">Czytaj Dalej<\/a><\/div><\/div><\/div>\n<div class=\" pt-cv-content-item pt-cv-1-col\" ><div class=\"pt-cv-thumb-wrapper  \"><a href=\"https:\/\/biblioteka.kolobrzeg.pl\/index.php\/2026\/04\/22\/spotkanie-dkk-dla-doroslych-56\/\" class=\"_self pt-cv-href-thumbnail pt-cv-thumb-default\" target=\"_self\" ><img loading=\"lazy\" decoding=\"async\" width=\"800\" height=\"600\" src=\"https:\/\/biblioteka.kolobrzeg.pl\/wp-content\/uploads\/2026\/04\/dkk2204262.jpg\" class=\"pt-cv-thumbnail\" alt=\"Spotkanie DKK dla doros\u0142ych - relacja\" \/><\/a><\/div>\n<div class=\"pt-cv-taxoterm above_title\"><a href='https:\/\/biblioteka.kolobrzeg.pl\/index.php\/category\/biblioteka-brzozowa\/' title='Biblioteka Brzozowa' class='pt-cv-tax-biblioteka-brzozowa'>Biblioteka Brzozowa<\/a><a href='https:\/\/biblioteka.kolobrzeg.pl\/index.php\/category\/dkk\/' title='DKK dla doros\u0142ych' class='pt-cv-tax-dkk'>DKK dla doros\u0142ych<\/a><\/div>\n<h4 class=\"pt-cv-title\"><a href=\"https:\/\/biblioteka.kolobrzeg.pl\/index.php\/2026\/04\/22\/spotkanie-dkk-dla-doroslych-56\/\" class=\"_self\" target=\"_self\" >Spotkanie DKK dla doros\u0142ych<\/a><\/h4>\n<div class=\"pt-cv-content\">W \u015brod\u0119 22 kwietnia 2026 w Bibliotece Brzozowy Zak\u0105tek odby\u0142o si\u0119 spotkanie Dyskusyjnego Klubu Ksi\u0105\u017cki dla doros\u0142ych. Tym razem ko\u0142obrzescy &#8230;<br \/><div class=\"pt-cv-rmwrap\"><a href=\"https:\/\/biblioteka.kolobrzeg.pl\/index.php\/2026\/04\/22\/spotkanie-dkk-dla-doroslych-56\/\" class=\"_self pt-cv-readmore btn btn-success\" target=\"_self\">Czytaj Dalej<\/a><\/div><\/div><\/div>\n<div class=\" pt-cv-content-item pt-cv-1-col\" ><div class=\"pt-cv-thumb-wrapper  \"><a href=\"https:\/\/biblioteka.kolobrzeg.pl\/index.php\/2026\/04\/21\/spotkanie-9\/\" class=\"_self pt-cv-href-thumbnail pt-cv-thumb-default\" target=\"_self\" ><img loading=\"lazy\" decoding=\"async\" width=\"800\" height=\"600\" src=\"https:\/\/biblioteka.kolobrzeg.pl\/wp-content\/uploads\/2026\/04\/przedlecki2104264.jpg\" class=\"pt-cv-thumbnail\" alt=\"Micha\u0142 Przedlacki relacja ze spotkania\" \/><\/a><\/div>\n<div class=\"pt-cv-taxoterm above_title\"><a href='https:\/\/biblioteka.kolobrzeg.pl\/index.php\/category\/spotkania\/' title='Spotkania, wydarzenia literackie' class='pt-cv-tax-spotkania'>Spotkania, wydarzenia literackie<\/a><\/div>\n<h4 class=\"pt-cv-title\"><a href=\"https:\/\/biblioteka.kolobrzeg.pl\/index.php\/2026\/04\/21\/spotkanie-9\/\" class=\"_self\" target=\"_self\" >Spotkanie &#8211; Micha\u0142 Przedlacki<\/a><\/h4>\n<div class=\"pt-cv-content\">21 kwietnia 2026 roku w naszej Bibliotece odby\u0142o si\u0119 wyj\u0105tkowe spotkanie z Micha\u0142em Przedlackim (Micha\u0142 Przedlacki)- reporta\u017cyst\u0105, dziennikarzem \u201eSuperwizjera&#8221; TVN &#8230;<br \/><div class=\"pt-cv-rmwrap\"><a href=\"https:\/\/biblioteka.kolobrzeg.pl\/index.php\/2026\/04\/21\/spotkanie-9\/\" class=\"_self pt-cv-readmore btn btn-success\" target=\"_self\">Czytaj Dalej<\/a><\/div><\/div><\/div>\n<div class=\" pt-cv-content-item pt-cv-1-col\" ><div class=\"pt-cv-thumb-wrapper  \"><a href=\"https:\/\/biblioteka.kolobrzeg.pl\/index.php\/2026\/04\/16\/warsztaty-dla-dzieci-3\/\" class=\"_self pt-cv-href-thumbnail pt-cv-thumb-default\" target=\"_self\" ><img loading=\"lazy\" decoding=\"async\" width=\"800\" height=\"597\" src=\"https:\/\/biblioteka.kolobrzeg.pl\/wp-content\/uploads\/2026\/04\/warsztaty180426.jpg\" class=\"pt-cv-thumbnail\" alt=\"Warsztaty dla dzieci\" \/><\/a><\/div>\n<div class=\"pt-cv-taxoterm above_title\"><a href='https:\/\/biblioteka.kolobrzeg.pl\/index.php\/category\/biblioteka-brzozowa\/' title='Biblioteka Brzozowa' class='pt-cv-tax-biblioteka-brzozowa'>Biblioteka Brzozowa<\/a><\/div>\n<h4 class=\"pt-cv-title\"><a href=\"https:\/\/biblioteka.kolobrzeg.pl\/index.php\/2026\/04\/16\/warsztaty-dla-dzieci-3\/\" class=\"_self\" target=\"_self\" >Warsztaty dla dzieci<\/a><\/h4>\n<div class=\"pt-cv-content\">Je\u015bli macie ochot\u0119 na troch\u0119 zabawy z wod\u0105 i farbami, to zapraszamy na warsztaty \u201eWiosenna akwarela\u201d. B\u0119dzie spokojnie, kolorowo i &#8230;<br \/><div class=\"pt-cv-rmwrap\"><a href=\"https:\/\/biblioteka.kolobrzeg.pl\/index.php\/2026\/04\/16\/warsztaty-dla-dzieci-3\/\" class=\"_self pt-cv-readmore btn btn-success\" target=\"_self\">Czytaj Dalej<\/a><\/div><\/div><\/div>\n<div class=\" pt-cv-content-item pt-cv-1-col\" ><div class=\"pt-cv-thumb-wrapper  \"><a href=\"https:\/\/biblioteka.kolobrzeg.pl\/index.php\/2026\/04\/16\/warsztaty-18\/\" class=\"_self pt-cv-href-thumbnail pt-cv-thumb-default\" target=\"_self\" ><img loading=\"lazy\" decoding=\"async\" width=\"800\" height=\"600\" src=\"https:\/\/biblioteka.kolobrzeg.pl\/wp-content\/uploads\/2026\/04\/aromaterapia1604263.jpg\" class=\"pt-cv-thumbnail\" alt=\"Aromaterapia relacja\" \/><\/a><\/div>\n<div class=\"pt-cv-taxoterm above_title\"><a href='https:\/\/biblioteka.kolobrzeg.pl\/index.php\/category\/biblioteka-brzozowa\/' title='Biblioteka Brzozowa' class='pt-cv-tax-biblioteka-brzozowa'>Biblioteka Brzozowa<\/a><\/div>\n<h4 class=\"pt-cv-title\"><a href=\"https:\/\/biblioteka.kolobrzeg.pl\/index.php\/2026\/04\/16\/warsztaty-18\/\" class=\"_self\" target=\"_self\" >Warsztaty<\/a><\/h4>\n<div class=\"pt-cv-content\">Za nami kolejne spotkanie w ramach Przystani Rodzic\u00f3w. Tym razem spotkali\u015bmy si\u0119 z Magdalen\u0105 Olejnik-\u015awider i co tu du\u017co m\u00f3wi\u0107\u2026 &#8230;<br \/><div class=\"pt-cv-rmwrap\"><a href=\"https:\/\/biblioteka.kolobrzeg.pl\/index.php\/2026\/04\/16\/warsztaty-18\/\" class=\"_self pt-cv-readmore btn btn-success\" target=\"_self\">Czytaj Dalej<\/a><\/div><\/div><\/div>\n<div class=\" pt-cv-content-item pt-cv-1-col\" ><div class=\"pt-cv-thumb-wrapper  \"><a href=\"https:\/\/biblioteka.kolobrzeg.pl\/index.php\/2026\/04\/15\/oblicza-swiata-spotkanie-z-marcinem-margielewskim\/\" class=\"_self pt-cv-href-thumbnail pt-cv-thumb-default\" target=\"_self\" ><img loading=\"lazy\" decoding=\"async\" width=\"800\" height=\"600\" src=\"https:\/\/biblioteka.kolobrzeg.pl\/wp-content\/uploads\/2026\/04\/margielewski1504263.jpg\" class=\"pt-cv-thumbnail\" alt=\"Spotkanie - Marcin Margielewski - relacja\" \/><\/a><\/div>\n<div class=\"pt-cv-taxoterm above_title\"><a href='https:\/\/biblioteka.kolobrzeg.pl\/index.php\/category\/aktualnosci\/' title='Aktualno\u015bci' class='pt-cv-tax-aktualnosci'>Aktualno\u015bci<\/a><a href='https:\/\/biblioteka.kolobrzeg.pl\/index.php\/category\/spotkania\/' title='Spotkania, wydarzenia literackie' class='pt-cv-tax-spotkania'>Spotkania, wydarzenia literackie<\/a><\/div>\n<h4 class=\"pt-cv-title\"><a href=\"https:\/\/biblioteka.kolobrzeg.pl\/index.php\/2026\/04\/15\/oblicza-swiata-spotkanie-z-marcinem-margielewskim\/\" class=\"_self\" target=\"_self\" >Oblicza \u015awiata. Spotkanie z Marcinem Margielewskim<\/a><\/h4>\n<div class=\"pt-cv-content\">Za nami spotkanie z Marcin Margielewski. By\u0142o to popo\u0142udnie pe\u0142ne opowie\u015bci i rozm\u00f3w o \u015bwiecie, kt\u00f3ry dla wielu z nas &#8230;<br \/><div class=\"pt-cv-rmwrap\"><a href=\"https:\/\/biblioteka.kolobrzeg.pl\/index.php\/2026\/04\/15\/oblicza-swiata-spotkanie-z-marcinem-margielewskim\/\" class=\"_self pt-cv-readmore btn btn-success\" target=\"_self\">Czytaj Dalej<\/a><\/div><\/div><\/div><\/div><\/div>\n<div class=\" pt-cv-pagination-wrapper\"><ul class=\"pt-cv-pagination pt-cv-normal pagination\" data-totalpages=\"169\" data-currentpage=\"1\" data-sid=\"386a080zgu\" data-unid=\"\" data-isblock=\"\" data-postid=\"\"><li class=\"active\"><a href=\"#\">1<\/a><\/li>\n\t<li ><a class=\"\" href=\"https:\/\/biblioteka.kolobrzeg.pl\/index.php\/wp-json\/wp\/v2\/pages\/28017\/?_page=2\">2<\/a><\/li>\n\t<li ><a class=\"\" href=\"https:\/\/biblioteka.kolobrzeg.pl\/index.php\/wp-json\/wp\/v2\/pages\/28017\/?_page=3\">3<\/a><\/li>\n\t<li ><a href=\"#\">&hellip;<\/a><\/li>\n\t<li ><a class=\"\" href=\"https:\/\/biblioteka.kolobrzeg.pl\/index.php\/wp-json\/wp\/v2\/pages\/28017\/?_page=169\">169<\/a><\/li>\n\t<li ><a class=\" \" href=\"https:\/\/biblioteka.kolobrzeg.pl\/index.php\/wp-json\/wp\/v2\/pages\/28017\/?_page=2\">&rsaquo;<\/a><\/li>\n\t<\/ul><img loading=\"lazy\" decoding=\"async\" width=\"15\" height=\"15\" class=\"pt-cv-spinner\" alt=\"Loading...\" src=\"data:image\/gif;base64,R0lGODlhDwAPALMPAMrKygwMDJOTkz09PZWVla+vr3p6euTk5M7OzuXl5TMzMwAAAJmZmWZmZszMzP\/\/\/yH\/C05FVFNDQVBFMi4wAwEAAAAh+QQFCgAPACwAAAAADwAPAAAEQvDJaZaZOIcV8iQK8VRX4iTYoAwZ4iCYoAjZ4RxejhVNoT+mRGP4cyF4Pp0N98sBGIBMEMOotl6YZ3S61Bmbkm4mAgAh+QQFCgAPACwAAAAADQANAAAENPDJSRSZeA418itN8QiK8BiLITVsFiyBBIoYqnoewAD4xPw9iY4XLGYSjkQR4UAUD45DLwIAIfkEBQoADwAsAAAAAA8ACQAABC\/wyVlamTi3nSdgwFNdhEJgTJoNyoB9ISYoQmdjiZPcj7EYCAeCF1gEDo4Dz2eIAAAh+QQFCgAPACwCAAAADQANAAAEM\/DJBxiYeLKdX3IJZT1FU0iIg2RNKx3OkZVnZ98ToRD4MyiDnkAh6BkNC0MvsAj0kMpHBAAh+QQFCgAPACwGAAAACQAPAAAEMDC59KpFDll73HkAA2wVY5KgiK5b0RRoI6MuzG6EQqCDMlSGheEhUAgqgUUAFRySIgAh+QQFCgAPACwCAAIADQANAAAEM\/DJKZNLND\/kkKaHc3xk+QAMYDKsiaqmZCxGVjSFFCxB1vwy2oOgIDxuucxAMTAJFAJNBAAh+QQFCgAPACwAAAYADwAJAAAEMNAs86q1yaWwwv2Ig0jUZx3OYa4XoRAfwADXoAwfo1+CIjyFRuEho60aSNYlOPxEAAAh+QQFCgAPACwAAAIADQANAAAENPA9s4y8+IUVcqaWJ4qEQozSoAzoIyhCK2NFU2SJk0hNnyEOhKR2AzAAj4Pj4GE4W0bkJQIAOw==\" \/><div class=\"clear pt-cv-clear-pagination\"><\/div><\/div><\/div>\t\t\t<style type=\"text\/css\" id=\"pt-cv-inline-style-df1bbb8ajn\">\n#pt-cv-view-386a080zgu .pt-cv-thumb-wrapper:not(.miniwrap) {  }#pt-cv-view-386a080zgu .pt-cv-thumbnail:not(.pt-cv-thumbnailsm) { height: 150px; }#pt-cv-view-386a080zgu > .pt-cv-page {grid-template-columns: repeat(3, 1fr);grid-gap: 15px;}\n@media all and (max-width: 1024px) { \n#pt-cv-view-386a080zgu > .pt-cv-page {grid-template-columns: repeat(1, 1fr);}\n} \n@media all and (max-width: 767px) { \n#pt-cv-view-386a080zgu > .pt-cv-page {grid-template-columns: repeat(1, 1fr);}\n} <\/style>\r\n\t\t\t","protected":false},"excerpt":{"rendered":"","protected":false},"author":1,"featured_media":0,"parent":0,"menu_order":0,"comment_status":"closed","ping_status":"closed","template":"","meta":{"jetpack_post_was_ever_published":false,"footnotes":""},"class_list":["post-28017","page","type-page","status-publish","hentry","nodate"],"jetpack_likes_enabled":true,"jetpack_sharing_enabled":true,"_links":{"self":[{"href":"https:\/\/biblioteka.kolobrzeg.pl\/index.php\/wp-json\/wp\/v2\/pages\/28017","targetHints":{"allow":["GET"]}}],"collection":[{"href":"https:\/\/biblioteka.kolobrzeg.pl\/index.php\/wp-json\/wp\/v2\/pages"}],"about":[{"href":"https:\/\/biblioteka.kolobrzeg.pl\/index.php\/wp-json\/wp\/v2\/types\/page"}],"author":[{"embeddable":true,"href":"https:\/\/biblioteka.kolobrzeg.pl\/index.php\/wp-json\/wp\/v2\/users\/1"}],"replies":[{"embeddable":true,"href":"https:\/\/biblioteka.kolobrzeg.pl\/index.php\/wp-json\/wp\/v2\/comments?post=28017"}],"version-history":[{"count":0,"href":"https:\/\/biblioteka.kolobrzeg.pl\/index.php\/wp-json\/wp\/v2\/pages\/28017\/revisions"}],"wp:attachment":[{"href":"https:\/\/biblioteka.kolobrzeg.pl\/index.php\/wp-json\/wp\/v2\/media?parent=28017"}],"curies":[{"name":"wp","href":"https:\/\/api.w.org\/{rel}","templated":true}]}}