{"id":312,"date":"2016-03-04T13:55:49","date_gmt":"2016-03-04T12:55:49","guid":{"rendered":"http:\/\/biblioteka.kolobrzeg.pl\/wordpress\/?page_id=312"},"modified":"2020-09-01T10:44:24","modified_gmt":"2020-09-01T08:44:24","slug":"dla-dzieci-i-mlodziezy","status":"publish","type":"page","link":"https:\/\/biblioteka.kolobrzeg.pl\/index.php\/dla-dzieci-i-mlodziezy\/","title":{"rendered":"Dla dzieci i m\u0142odzie\u017cy"},"content":{"rendered":"<p><span style=\"color: #008000;\">Tytu\u0142: <strong>Chciejskie potwory<\/strong><\/span><br \/>\n<span style=\"color: #008000;\">Autor: <strong>Cheo Manchego<\/strong><\/span><br \/>\n<span style=\"color: #008000;\"> Wydawnictwo: <strong>CoJaNaTo<\/strong>, 2017<\/span><\/p>\n<table role=\"presentation\">\n<tbody>\n<tr>\n<td width=\"&quot;\">&nbsp;<\/td>\n<\/tr>\n<tr>\n<td width=\"&quot;\">Ka\u017cdy z nas ma swojego chciejskiego potwora, kt\u00f3ry czasem sprawia, \u017ce czego\u015b chcemy za bardzo i za du\u017co. Za du\u017co lod\u00f3w, za du\u017co gier komputerowych, za du\u017co uwagi otoczenia\u2026<br \/>\nAle uwa\u017caj \u2013 je\u015bli tw\u00f3j chciejski potw\u00f3r uro\u015bnie zbyt du\u017cy, b\u0119dziesz mie\u0107 du\u017ce k\u0142opoty! Na szcz\u0119\u015bcie jest na to rada\u2026 Historia o tym, jak pewien ch\u0142opiec znalaz\u0142 spos\u00f3b na to, by jego osobisty chciejski potw\u00f3r, Oskar, przesta\u0142 nim dyrygowa\u0107. Pe\u0142na humoru, poezji i m\u0105dro\u015bci historia o tym, jak znale\u017a\u0107 r\u00f3wnowag\u0119 w\u015br\u00f3d naszych pragnie\u0144.<\/td>\n<\/tr>\n<tr>\n<td width=\"604\"><span style=\"color: #0000ff;\">\u0179r\u00f3d\u0142o:<\/span> <a title=\"otw\u00f3rz w nowym oknie\" href=\"https:\/\/cojanato.pl\/produkt\/chciejskie-potwory\/\" rel=\"noopener noreferrer\">https:\/\/cojanato.pl\/produkt\/chciejskie-potwory\/<br \/>\n<\/a><span style=\"color: #800000;\">Ksi\u0105\u017cka dost\u0119pna w <strong>Bibliotece Dzieci\u0119cej<\/strong> (ul. Brzozowa 9a).<\/span><\/td>\n<\/tr>\n<\/tbody>\n<\/table>\n<hr>\n<p><!-- ----------------------------ksiazka 2-------------------------------------------------------------- --><\/p>\n<p><span style=\"color: #008000;\">Tytu\u0142: <strong>Podr\u00f3\u017c Ekspresem Odkrywcy<\/strong><\/span><br \/>\n<span style=\"color: #008000;\">Autor: <strong>Emily Hawkins, Tom Adams<\/strong><\/span><br \/>\n<span style=\"color: #008000;\"> Wydawnictwo: <strong>Olesiejuk<\/strong>, 2018<\/span><\/p>\n<table role=\"presentation\">\n<tbody>\n<tr>\n<td width=\"&quot;\">&nbsp;<\/td>\n<\/tr>\n<tr>\n<td width=\"604\">Witaj na pok\u0142adzie Ekspresu Odkrywcy! Za chwil\u0119 wybierzesz si\u0119 w niezwyk\u0142\u0105 podr\u00f3\u017c do przesz\u0142o\u015bci, gdzie na rozwi\u0105zanie czeka nie lada \u0142amig\u0142\u00f3wka&#8230;<br \/>\nPom\u00f3\u017c za\u0142odze Ekspresu Odkrywcy rozszyfrowa\u0107 zagadki i wyja\u015bni\u0107, co si\u0119 sta\u0142o z zaginionym profesorem.<br \/>\nDowiedz si\u0119, co skrywa ponad 50 okienek i pod\u0105\u017caj \u015bladami wielkich wynalazc\u00f3w. Poznaj histori\u0119 niezwyk\u0142ych maszyn: od lokomotyw, samolot\u00f3w i samochod\u00f3w a\u017c po \u0142odzie podwodne i balony.<br \/>\nCzeka ci\u0119 fascynuj\u0105ca podr\u00f3\u017c przez kontynenty i wieki!<\/td>\n<\/tr>\n<tr>\n<td width=\"604\"><span style=\"color: #0000ff;\">\u0179r\u00f3d\u0142o:<\/span> <a title=\"otw\u00f3rz w nowym oknie\" href=\"https:\/\/www.olesiejuk.pl\/product\/203375-podroz-ekspresem-odkrywcy\" rel=\"noopener noreferrer\">https:\/\/www.olesiejuk.pl\/product\/203375-podroz-ekspresem-odkrywcy<\/a><br \/>\n<span style=\"color: #800000;\">Ksi\u0105\u017cka dost\u0119pna w <strong>Bibliotece Dzieci\u0119cej<\/strong> (ul. Brzozowa 9a).<\/span><\/td>\n<\/tr>\n<\/tbody>\n<\/table>\n<hr>\n<p><!-- ----------------------------ksiazka 3-------------------------------------------------------------- --><\/p>\n<p><span style=\"color: #008000;\">Tytu\u0142: <strong>Gdy s\u0142owa zawodz\u0105<\/strong><\/span><br \/>\n<span style=\"color: #008000;\">Autor: <strong>Julie Buxbaum<\/strong><\/span><br \/>\n<span style=\"color: #008000;\"> Wydawnictwo: <strong>Dolno\u015bl\u0105skie<\/strong>, 2018<\/span><\/p>\n<table role=\"presentation\">\n<tbody>\n<tr>\n<td width=\"&quot;\">&nbsp;<\/td>\n<\/tr>\n<tr>\n<td width=\"604\">David nie potrafi rozmawia\u0107 z r\u00f3wie\u015bnikami. Kit zapomnia\u0142a, jak to si\u0119 robi.<br \/>\nGdy \u015bliczna i popularna Kit Lowell zaprzyja\u017ania si\u0119 z chorym na zesp\u00f3\u0142 Aspergera Davidem Druckerem, wszyscy s\u0105 zszokowani \u2013 a najbardziej David i Kit. Tych dwoje \u2013 wydawa\u0142oby si\u0119 niemaj\u0105cych ze sob\u0105 nic wsp\u00f3lnego \u2013 \u015bwietnie si\u0119 rozumie! Kit zmaga si\u0119 z \u017cyciow\u0105 tragedi\u0105 \u2013 jej ojciec zgin\u0105\u0142 w niejasnych okoliczno\u015bciach. David anga\u017cuje si\u0119 w prywatne \u015bledztwo, ale \u017cadne z nich nie jest w stanie przewidzie\u0107, jak ono si\u0119 sko\u0144czy&#8230;<\/td>\n<\/tr>\n<tr>\n<td width=\"604\"><span style=\"color: #0000ff;\">\u0179r\u00f3d\u0142o:<\/span> <a title=\"otw\u00f3rz w nowym oknie\" href=\"https:\/\/publicat.pl\/wydawnictwo-dolnoslaskie\/oferta\/beletrystyka-dla-mlodziezy-15\/gdy-slowa-zawodza\" rel=\"noopener noreferrer\">https:\/\/publicat.pl\/wydawnictwo-dolnoslaskie\/oferta\/beletrystyka-dla-mlodziezy-15\/gdy-slowa-zawodza<\/a><br \/>\n<span style=\"color: #800000;\">Ksi\u0105\u017cka dost\u0119pna w <strong>Bibliotece M\u0142odzie\u017cowej<\/strong> (ul. Brzozowa 9a).<\/span><\/td>\n<\/tr>\n<\/tbody>\n<\/table>\n<hr>\n<p><!-- ----------------------------ksiazka 4-------------------------------------------------------------- --><\/p>\n<p><span style=\"color: #008000;\">Tytu\u0142: <strong>Dziewczyna w niebieskim p\u0142aszczu<\/strong><\/span><br \/>\n<span style=\"color: #008000;\">Autor: <strong>Monika Hesse<\/strong><\/span><br \/>\n<span style=\"color: #008000;\"> Wydawnictwo: <strong>Wydawnictwo Literackie<\/strong>, 2018<\/span><\/p>\n<table role=\"presentation\">\n<tbody>\n<tr>\n<td width=\"&quot;\">&nbsp;<\/td>\n<\/tr>\n<tr>\n<td width=\"604\">Okupowana Holandia, rok 1943. 19-letnia Hanneke handluje towarami na czarnym rynku, cho\u0107 sama woli nazywa\u0107 siebie znalazc\u0105. A znajduje r\u00f3\u017cne rzeczy \u2013 dodatkowy zapas ziemniak\u00f3w, mi\u0119sa, czekolady czy herbaty. Produkty, bez kt\u00f3rych na co dzie\u0144 spo\u0142ecze\u0144stwo musi sobie radzi\u0107. Kolejne zlecenie zaskakuje jednak sam\u0105 Hanneke \u2013 jej zadaniem jest odnalezienie Mirjam, \u017byd\u00f3wki, kt\u00f3ra pewnego dnia znikn\u0119\u0142a z domu ukrywaj\u0105cej j\u0105 staruszki. (\u2026)<\/td>\n<\/tr>\n<tr>\n<td width=\"604\"><span style=\"color: #0000ff;\">\u0179r\u00f3d\u0142o:<\/span> <a title=\"otw\u00f3rz w nowym oknie\" href=\"https:\/\/www.wydawnictwoliterackie.pl\/ksiazka\/4820\/Dziewczyna-w-niebieskim-plaszczu\/\" rel=\"noopener noreferrer\">https:\/\/www.wydawnictwoliterackie.pl\/ksiazka\/4820\/Dziewczyna-w-niebieskim-plaszczu\/<\/a><br \/>\n<span style=\"color: #800000;\">Ksi\u0105\u017cka dost\u0119pna w <strong>Bibliotece M\u0142odzie\u017cowej<\/strong> (ul. Brzozowa 9a).<\/span><\/td>\n<\/tr>\n<\/tbody>\n<\/table>\n<hr>\n","protected":false},"excerpt":{"rendered":"<p>Tytu\u0142: Chciejskie potwory Autor: Cheo Manchego Wydawnictwo: CoJaNaTo, 2017 &nbsp; Ka\u017cdy z nas ma swojego chciejskiego potwora, kt\u00f3ry czasem sprawia, \u017ce czego\u015b chcemy za bardzo i za du\u017co. Za du\u017co lod\u00f3w, za du\u017co gier komputerowych, za du\u017co uwagi otoczenia\u2026 Ale uwa\u017caj \u2013 je\u015bli tw\u00f3j chciejski potw\u00f3r uro\u015bnie zbyt du\u017cy, b\u0119dziesz mie\u0107 du\u017ce k\u0142opoty! Na szcz\u0119\u015bcie &hellip; <\/p>\n<p><a class=\"more-link block-button\" href=\"https:\/\/biblioteka.kolobrzeg.pl\/index.php\/dla-dzieci-i-mlodziezy\/\">Kontynuuj czytanie &raquo;<\/a><\/p>\n","protected":false},"author":1,"featured_media":0,"parent":0,"menu_order":0,"comment_status":"closed","ping_status":"closed","template":"","meta":{"jetpack_post_was_ever_published":false,"footnotes":""},"class_list":["post-312","page","type-page","status-publish","hentry","nodate"],"jetpack_likes_enabled":true,"jetpack_sharing_enabled":true,"_links":{"self":[{"href":"https:\/\/biblioteka.kolobrzeg.pl\/index.php\/wp-json\/wp\/v2\/pages\/312","targetHints":{"allow":["GET"]}}],"collection":[{"href":"https:\/\/biblioteka.kolobrzeg.pl\/index.php\/wp-json\/wp\/v2\/pages"}],"about":[{"href":"https:\/\/biblioteka.kolobrzeg.pl\/index.php\/wp-json\/wp\/v2\/types\/page"}],"author":[{"embeddable":true,"href":"https:\/\/biblioteka.kolobrzeg.pl\/index.php\/wp-json\/wp\/v2\/users\/1"}],"replies":[{"embeddable":true,"href":"https:\/\/biblioteka.kolobrzeg.pl\/index.php\/wp-json\/wp\/v2\/comments?post=312"}],"version-history":[{"count":0,"href":"https:\/\/biblioteka.kolobrzeg.pl\/index.php\/wp-json\/wp\/v2\/pages\/312\/revisions"}],"wp:attachment":[{"href":"https:\/\/biblioteka.kolobrzeg.pl\/index.php\/wp-json\/wp\/v2\/media?parent=312"}],"curies":[{"name":"wp","href":"https:\/\/api.w.org\/{rel}","templated":true}]}}